{"id":197,"date":"2020-12-10T10:56:02","date_gmt":"2020-12-10T09:56:02","guid":{"rendered":"http:\/\/gwzrtit.cluster030.hosting.ovh.net\/?page_id=197"},"modified":"2025-11-18T15:56:59","modified_gmt":"2025-11-18T14:56:59","slug":"pla-lector","status":"publish","type":"page","link":"https:\/\/viladecans.gabrielistas.org\/home-2\/projectes\/pla-lector\/","title":{"rendered":"Pla lector"},"content":{"rendered":"<p>[vc_row padding_top_multiplier=&#8221;&#8221;][vc_column]<div class=\"eut-element eut-image eut-align-center\" style=\"margin-bottom: 40px;\"><div class=\"eut-image-wrapper eut-popup-item\" style=\"max-width:981px;\"><div class=\"eut-thumbnail-wrapper\"  style=\"max-width: 981px;\"><div class=\"eut-thumbnail\"  style=\"padding-top: 31.906%;\"><img loading=\"lazy\" decoding=\"async\" width=\"981\" height=\"313\" src=\"https:\/\/viladecans.gabrielistas.org\/wp-content\/uploads\/2020\/12\/sg-header-19.png\" class=\"attachment-full size-full\" alt=\"\" data-eutf-filter=\"yes\" srcset=\"https:\/\/viladecans.gabrielistas.org\/wp-content\/uploads\/2020\/12\/sg-header-19.png 981w, https:\/\/viladecans.gabrielistas.org\/wp-content\/uploads\/2020\/12\/sg-header-19-300x96.png 300w, https:\/\/viladecans.gabrielistas.org\/wp-content\/uploads\/2020\/12\/sg-header-19-768x245.png 768w\" sizes=\"auto, (max-width: 981px) 100vw, 981px\" \/><\/div><\/div>  <\/div><\/div>[vc_column_text el_id=&#8221;pla-lector&#8221; el_class=&#8221;sg-title-section&#8221;]<\/p>\n<h2>Pla lector<\/h2>\n<p>[\/vc_column_text]<div class=\"eut-element eut-divider\" style=\"padding-bottom: 40px;\"><span class=\"eut-custom-divider eut-bg-primary-2 eut-align-inherit\" style=\"width: 40px;height: 3px;\"><\/span><\/div>[vc_column_text css=&#8221;.vc_custom_1674804768762{margin-bottom: 40px !important;}&#8221;]El Pla Lector de Centre t\u00e9 per objectiu incrementar l&#8217;\u00e8xit educatiu dels infants a trav\u00e9s de la millora de la comprensi\u00f3 lectora. Tenim el repte de garantir que tot l&#8217;alumnat finalitzi l\u2019etapa de prim\u00e0ria amb un bon nivell de compet\u00e8ncia lectora que els asseguri al llarg de la vida el seu desenvolupament educatiu, personal i social Treballem de forma l\u00fadica i amena el gust per la lectura dissenyant i impulsant activitats de promoci\u00f3 lectora i escriptora oferint la participaci\u00f3 a tota la comunitat educativa.<\/p>\n<div class=\"vc_row wpb_row vc_row-fluid\">\n<div class=\"wpb_column vc_column_container vc_col-sm-12\">\n<div class=\"vc_column-inner \">\n<div class=\"wpb_wrapper\">\n<div class=\"wpb_text_column wpb_content_element \">\n<div class=\"wpb_wrapper\">\n<h3>El gust per la lectura<\/h3>\n<p>Es potencia el gust per la lectura dedicant una estona cada dia a llegir el llibre que m\u00e9s els agradi.<\/p>\n<h3>Tardes de conte<\/h3>\n<p>Tardes de conte \u00e9s una experi\u00e8ncia de narraci\u00f3 de contes interetapes ideada per Incrementar el gust per la lectura i les narracions. Els alumnes de Batxillerat. des del\u00a0 marc de la mat\u00e8ria de Llengua i Literatura Catalana, fan l\u2019acompanyament lector a\u00a0 l\u2019alumnat de Cicle Inicial d\u2019Educaci\u00f3 Prim\u00e0ria. \u00c9s una activitat volunt\u00e0ria i de servei. T\u00e9 per objectiu\u00a0 desenvolupar la compet\u00e8ncia comunicativa i ling\u00fc\u00edstica (comprensi\u00f3 i expressi\u00f3 oral),\u00a0 practicar h\u00e0bits d\u2019atenci\u00f3 i escolta atenta i desenvolupar l\u2019h\u00e0bit lector i la compet\u00e8ncia lectora.<\/p>\n<h3>La maleta viatgera<\/h3>\n<p>A infantil compartim lectures a trav\u00e9s de la maleta viatgera i s\u2019inicia el pr\u00e9stec de contes i llibres.<\/p>\n<h3>Concursos<\/h3>\n<p>Participem en concursos que tenen per objectiu incentivar la lectura entre els nois i noies, com\u00a0<em>la Lliga de llibres<\/em>\u00a0i el\u00a0<em>Concurs de Lectura en veu alta<\/em>. (enlla\u00e7os)<\/p>\n<h3>El club de lectura<\/h3>\n<p>Projecte adre\u00e7at a alumnes de 4rt ESO, Batxillerat, CF i professorat. L\u2019objectiu d\u2019aquests projecte, no nom\u00e9s \u00e9s el de fomentar l\u2019h\u00e0bit lector, sin\u00f3 tamb\u00e9 potenciar el di\u00e0leg, la conversa, l\u2019intercanvi d\u2019idees a partir del llibre escollit i crear un punt de trobada per a persones interessades en la lectura.<\/p>\n<h3><img loading=\"lazy\" decoding=\"async\" class=\"alignleft wp-image-1156 size-full\" src=\"http:\/\/viladecans.gabrielistas.org\/wp-content\/uploads\/2022\/11\/PLECMapaConcep.png\" alt=\"\" width=\"1019\" height=\"679\" srcset=\"https:\/\/viladecans.gabrielistas.org\/wp-content\/uploads\/2022\/11\/PLECMapaConcep.png 1019w, https:\/\/viladecans.gabrielistas.org\/wp-content\/uploads\/2022\/11\/PLECMapaConcep-300x200.png 300w, https:\/\/viladecans.gabrielistas.org\/wp-content\/uploads\/2022\/11\/PLECMapaConcep-768x512.png 768w\" sizes=\"auto, (max-width: 1019px) 100vw, 1019px\" \/><\/h3>\n<h3><\/h3>\n<h3><\/h3>\n<h3><\/h3>\n<h3><\/h3>\n<h3><\/h3>\n<h3><\/h3>\n<h3><\/h3>\n<h3><\/h3>\n<h3><\/h3>\n<h3><\/h3>\n<h3><\/h3>\n<h3><\/h3>\n<h3><\/h3>\n<h3>Animaci\u00f3 lectora<\/h3>\n<p>\u00c9s un espai de la p\u00e0gina web on trobareu un llistat de llibres recomanats per a cada franja d\u2019edat en catal\u00e0 ,castell\u00e0 i angl\u00e8s. Podeu accedir-hi clicant la pestanya de cada etapa educativa d\u2019Animaci\u00f3 Lectora.<br \/>\nUs convidem a fer un cop d\u2019ull al llistat de llibres recomanats que hem preparat.<br \/>\nN\u2019hi ha per a totes les edats. Podeu accedir-hi clicant la pestanya de cada etapa educativa d\u2019Animaci\u00f3 Lectora.<\/p>\n<\/div>\n<\/div>\n<\/div>\n<\/div>\n<\/div>\n<\/div>\n<p>[\/vc_column_text][\/vc_column][\/vc_row]<\/p>\n","protected":false},"excerpt":{"rendered":"<p>[vc_row padding_top_multiplier=&#8221;&#8221;][vc_column][vc_column_text el_id=&#8221;pla-lector&#8221; el_class=&#8221;sg-title-section&#8221;] Pla lector [\/vc_column_text][vc_column_text css=&#8221;.vc_custom_1674804768762{margin-bottom: 40px !important;}&#8221;]El Pla Lector de Centre t\u00e9 per objectiu incrementar l&#8217;\u00e8xit educatiu dels infants a trav\u00e9s de la millora de la comprensi\u00f3 lectora. Tenim el repte de garantir que tot l&#8217;alumnat finalitzi l\u2019etapa de prim\u00e0ria amb un bon nivell de compet\u00e8ncia lectora que els asseguri al llarg [&hellip;]<\/p>\n","protected":false},"author":1,"featured_media":0,"parent":173,"menu_order":0,"comment_status":"closed","ping_status":"closed","template":"","meta":{"footnotes":""},"class_list":["post-197","page","type-page","status-publish","hentry"],"_links":{"self":[{"href":"https:\/\/viladecans.gabrielistas.org\/home-2\/wp-json\/wp\/v2\/pages\/197","targetHints":{"allow":["GET"]}}],"collection":[{"href":"https:\/\/viladecans.gabrielistas.org\/home-2\/wp-json\/wp\/v2\/pages"}],"about":[{"href":"https:\/\/viladecans.gabrielistas.org\/home-2\/wp-json\/wp\/v2\/types\/page"}],"author":[{"embeddable":true,"href":"https:\/\/viladecans.gabrielistas.org\/home-2\/wp-json\/wp\/v2\/users\/1"}],"replies":[{"embeddable":true,"href":"https:\/\/viladecans.gabrielistas.org\/home-2\/wp-json\/wp\/v2\/comments?post=197"}],"version-history":[{"count":17,"href":"https:\/\/viladecans.gabrielistas.org\/home-2\/wp-json\/wp\/v2\/pages\/197\/revisions"}],"predecessor-version":[{"id":1995,"href":"https:\/\/viladecans.gabrielistas.org\/home-2\/wp-json\/wp\/v2\/pages\/197\/revisions\/1995"}],"up":[{"embeddable":true,"href":"https:\/\/viladecans.gabrielistas.org\/home-2\/wp-json\/wp\/v2\/pages\/173"}],"wp:attachment":[{"href":"https:\/\/viladecans.gabrielistas.org\/home-2\/wp-json\/wp\/v2\/media?parent=197"}],"curies":[{"name":"wp","href":"https:\/\/api.w.org\/{rel}","templated":true}]}}